{"id":2419,"date":"2019-02-27T11:55:44","date_gmt":"2019-02-27T11:55:44","guid":{"rendered":"http:\/\/wp.hartkorn-gewuerze.de\/wp1\/?page_id=2419"},"modified":"2024-02-27T07:54:13","modified_gmt":"2024-02-27T06:54:13","slug":"geschichte","status":"publish","type":"page","link":"https:\/\/hartkorn-gewuerze.de\/unternehmen\/geschichte\/","title":{"rendered":"Geschichte"},"content":{"rendered":"<p><div class=\"fusion-fullwidth fullwidth-box fusion-builder-row-1 nonhundred-percent-fullwidth non-hundred-percent-height-scrolling\" style=\"--awb-border-radius-top-left:0px;--awb-border-radius-top-right:0px;--awb-border-radius-bottom-right:0px;--awb-border-radius-bottom-left:0px;--awb-padding-top:40px;--awb-padding-bottom:60px;--awb-flex-wrap:wrap;\" ><div class=\"fusion-builder-row fusion-row\"><div class=\"fusion-layout-column fusion_builder_column fusion-builder-column-0 fusion_builder_column_1_1 1_1 fusion-one-full fusion-column-first fusion-column-last\" style=\"--awb-bg-size:cover;\"><div class=\"fusion-column-wrapper fusion-flex-column-wrapper-legacy\"><div class=\"fusion-title title fusion-title-1 fusion-sep-none fusion-title-text fusion-title-size-one\" style=\"--awb-margin-top-small:10px;--awb-margin-right-small:0px;--awb-margin-bottom-small:10px;--awb-margin-left-small:0px;\"><h1 class=\"fusion-title-heading title-heading-left fusion-responsive-typography-calculated\" style=\"margin:0;--fontSize:40;line-height:1.14;\"><p style=\"text-align: center;\">Die Hartkorn Geschichte<\/p>\n<p class=\"uvc-sub-heading\" style=\"text-align: center;\">\u201eAusdauer bringt Dauer\u201c Josef Hartkorn &#8211; 1. Generation<\/p><\/h1><\/div><div class=\"fusion-title title fusion-title-2 fusion-sep-none fusion-title-center fusion-title-text fusion-title-size-two\" style=\"--awb-margin-top-small:10px;--awb-margin-right-small:0px;--awb-margin-bottom-small:10px;--awb-margin-left-small:0px;\"><h2 class=\"fusion-title-heading title-heading-center fusion-responsive-typography-calculated\" style=\"margin:0;--fontSize:25;--minFontSize:25;line-height:1.2;\"><p style=\"text-align: center;\">Unser Werdegang<\/p><\/h2><\/div><div class=\"fusion-text fusion-text-1\"><p>Das Geheimnis unseres Erfolges?<br \/>\n\u201eKreiere die gr\u00f6\u00dfte Vision f\u00fcr dein Leben, denn du wirst das, an was du glaubst!\u201c<br \/>\nWird es einfach sein? Nein! Aber seit fast 100 Jahren verfolgen wir nun unerm\u00fcdlich unser Ziele und wissen: Es ist es wert!<\/p>\n<p>Als am 1. April des Jahres 1920 die Firma Josef Hartkorn &amp; Sohn gegr\u00fcndet wurde, ahnten Josef Hartkorn und sein Sohn Anton nicht, dass das Unternehmen ganz nach ihrer Lebensphilosophie \u201eAusdauer bringt Dauer\u201c von sehr langer Dauer und Best\u00e4ndigkeit sein w\u00fcrde. Backpulver und Vanillinzucker waren f\u00fcr den gelernten Drogisten Anton Hartkorn damals die ersten Produkte, aber zahlreiche medizinische Heilkr\u00e4uter und Gew\u00fcrze folgten rasch und wurden im Laufe der Geschichte zu unserem Kerngesch\u00e4ft. Kommt mit auf eine w\u00fcrzige Reise zu den markantesten Ereignissen unserer langen Historie \u2026<\/p>\n<\/div><div class=\"fusion-clearfix\"><\/div><\/div><\/div><\/div><\/div><div class=\"fusion-fullwidth fullwidth-box fusion-builder-row-2 nonhundred-percent-fullwidth non-hundred-percent-height-scrolling\" style=\"--awb-border-radius-top-left:0px;--awb-border-radius-top-right:0px;--awb-border-radius-bottom-right:0px;--awb-border-radius-bottom-left:0px;--awb-flex-wrap:wrap;\" ><div class=\"fusion-builder-row fusion-row\"><div class=\"fusion-layout-column fusion_builder_column fusion-builder-column-1 fusion_builder_column_1_6 1_6 fusion-one-sixth fusion-column-first\" style=\"--awb-bg-size:cover;width:16.666666666667%;width:calc(16.666666666667% - ( ( 4% + 4% ) * 0.16666666666667 ) );margin-right: 4%;\"><div class=\"fusion-column-wrapper fusion-column-has-shadow fusion-flex-column-wrapper-legacy\"><div class=\"fusion-clearfix\"><\/div><\/div><\/div><div class=\"fusion-layout-column fusion_builder_column fusion-builder-column-2 fusion_builder_column_2_3 2_3 fusion-two-third\" style=\"--awb-bg-size:cover;width:66.666666666667%;width:calc(66.666666666667% - ( ( 4% + 4% ) * 0.66666666666667 ) );margin-right: 4%;\"><div class=\"fusion-column-wrapper fusion-column-has-shadow fusion-flex-column-wrapper-legacy\"><div class=\"fusion-content-boxes content-boxes columns row fusion-columns-1 fusion-columns-total-25 fusion-content-boxes-1 content-boxes-timeline-vertical content-left content-boxes-timeline-layout content-boxes-icon-with-title fusion-delayed-animation\" style=\"--awb-margin-top:0px;--awb-margin-bottom:0px;--awb-hover-accent-color:#c11f1a;--awb-circle-hover-accent-color:#c11f1a;--awb-item-margin-bottom:40px;\" data-animation-delay=\"350\" data-animationOffset=\"top-into-view\"><div style=\"--awb-backgroundcolor:rgba(255,255,255,0);--awb-content-padding-left:100px;\" class=\"fusion-column content-box-column content-box-column content-box-column-1 col-lg-12 col-md-12 col-sm-12 fusion-content-box-hover content-box-column-last-in-row\"><div class=\"col content-box-wrapper content-wrapper link-area-link-icon content-icon-wrapper-yes icon-hover-animation-fade fusion-animated\" data-animationType=\"fadeIn\" data-animationDuration=\"0.25\" data-animationOffset=\"top-into-view\"><div class=\"heading heading-with-icon icon-left\" style=\"margin-top:29px;\"><div class=\"icon\" style=\"margin-top:-29px;margin-bottom:-29px;-webkit-animation-duration: 350ms;animation-duration: 350ms;\"><span style=\"height:72px;width:72px;line-height:37px;border-color:#c11f1a;border-width:4px;border-style:solid;background-color:#212934;margin-right:20px;box-sizing:content-box;border-radius:50%;\"><i style=\"border-color:#212934;border-width:1px;background-color:#c11f1a;box-sizing:content-box;height:70px;width:70px;line-height:70px;border-radius:50%;position:relative;top:auto;left:auto;margin:0;border-radius:50%;font-size:35px;\" aria-hidden=\"true\" class=\"fontawesome-icon fa-angle-double-down fas circle-yes\"><\/i><\/span><\/div><h3 class=\"content-box-heading fusion-responsive-typography-calculated\" style=\"--h3_typography-font-size:22px;--fontSize:22;line-height:1.6;\">1920 Firmengr\u00fcndung<\/h3><\/div><div class=\"fusion-clearfix\"><\/div><div class=\"content-container\">\n<p>Am 1. April 1920 werden ausnahmsweise keine Scherze, sondern Geschichte geschrieben: Die Firma Hartkorn wird gegr\u00fcndet.<\/p>\n<\/div><div class=\"content-box-shortcode-timeline-vertical\" style=\"border-color:#c11f1a;left:55px;top:40px;-webkit-transition-duration: 350ms;animation-duration: 350ms;\"><\/div><\/div><\/div><div style=\"--awb-backgroundcolor:rgba(255,255,255,0);--awb-content-padding-left:100px;\" class=\"fusion-column content-box-column content-box-column content-box-column-2 col-lg-12 col-md-12 col-sm-12 fusion-content-box-hover content-box-column-last-in-row\"><div class=\"col content-box-wrapper content-wrapper link-area-link-icon content-icon-wrapper-yes icon-hover-animation-fade fusion-animated\" data-animationType=\"fadeIn\" data-animationDuration=\"0.25\" data-animationOffset=\"top-into-view\"><div class=\"heading heading-with-icon icon-left\" style=\"margin-top:29px;\"><div class=\"icon\" style=\"margin-top:-29px;margin-bottom:-29px;-webkit-animation-duration: 350ms;animation-duration: 350ms;\"><span style=\"height:72px;width:72px;line-height:37px;border-color:#c11f1a;border-width:4px;border-style:solid;background-color:#212934;margin-right:20px;box-sizing:content-box;border-radius:50%;\"><i style=\"border-color:#212934;border-width:1px;background-color:#c11f1a;box-sizing:content-box;height:70px;width:70px;line-height:70px;border-radius:50%;position:relative;top:auto;left:auto;margin:0;border-radius:50%;font-size:35px;\" aria-hidden=\"true\" class=\"fontawesome-icon fa-angle-double-down fas circle-yes\"><\/i><\/span><\/div><h3 class=\"content-box-heading fusion-responsive-typography-calculated\" style=\"--h3_typography-font-size:22px;--fontSize:22;line-height:1.6;\">1924<\/h3><\/div><div class=\"fusion-clearfix\"><\/div><div class=\"content-container\">\n<p>Der Chef braucht dringend Unterst\u00fctzung und kann nicht mehr alles alleine machen: Unser 1. Mitarbeiter wird eingestellt!<\/p>\n<\/div><div class=\"content-box-shortcode-timeline-vertical\" style=\"border-color:#c11f1a;left:55px;top:40px;-webkit-transition-duration: 350ms;animation-duration: 350ms;\"><\/div><\/div><\/div><div style=\"--awb-backgroundcolor:rgba(255,255,255,0);--awb-content-padding-left:100px;\" class=\"fusion-column content-box-column content-box-column content-box-column-3 col-lg-12 col-md-12 col-sm-12 fusion-content-box-hover content-box-column-last-in-row\"><div class=\"col content-box-wrapper content-wrapper link-area-link-icon content-icon-wrapper-yes icon-hover-animation-fade fusion-animated\" data-animationType=\"fadeIn\" data-animationDuration=\"0.25\" data-animationOffset=\"top-into-view\"><div class=\"heading heading-with-icon icon-left\" style=\"margin-top:29px;\"><div class=\"icon\" style=\"margin-top:-29px;margin-bottom:-29px;-webkit-animation-duration: 350ms;animation-duration: 350ms;\"><span style=\"height:72px;width:72px;line-height:37px;border-color:#c11f1a;border-width:4px;border-style:solid;background-color:#212934;margin-right:20px;box-sizing:content-box;border-radius:50%;\"><i style=\"border-color:#212934;border-width:1px;background-color:#c11f1a;box-sizing:content-box;height:70px;width:70px;line-height:70px;border-radius:50%;position:relative;top:auto;left:auto;margin:0;border-radius:50%;font-size:35px;\" aria-hidden=\"true\" class=\"fontawesome-icon fa-angle-double-down fas circle-yes\"><\/i><\/span><\/div><h3 class=\"content-box-heading fusion-responsive-typography-calculated\" style=\"--h3_typography-font-size:22px;--fontSize:22;line-height:1.6;\">1925<\/h3><\/div><div class=\"fusion-clearfix\"><\/div><div class=\"content-container\">\n<p>Unsere Handarbeit wird immer mehr und mehr, daher haben wir beschlossen unsere erste eigene, kleine Gew\u00fcrzm\u00fchle anzuschaffen. Die Arbeitsbedingungen 1925 waren jedoch sehr hart, daher stand f\u00fcr uns schnell fest: Wir brauchen weibliche Arbeitskr\u00e4fte!<\/p>\n<\/div><div class=\"content-box-shortcode-timeline-vertical\" style=\"border-color:#c11f1a;left:55px;top:40px;-webkit-transition-duration: 350ms;animation-duration: 350ms;\"><\/div><\/div><\/div><div style=\"--awb-backgroundcolor:rgba(255,255,255,0);--awb-content-padding-left:100px;\" class=\"fusion-column content-box-column content-box-column content-box-column-4 col-lg-12 col-md-12 col-sm-12 fusion-content-box-hover content-box-column-last-in-row\"><div class=\"col content-box-wrapper content-wrapper link-area-link-icon content-icon-wrapper-yes icon-hover-animation-fade fusion-animated\" data-animationType=\"fadeIn\" data-animationDuration=\"0.25\" data-animationOffset=\"top-into-view\"><div class=\"heading heading-with-icon icon-left\" style=\"margin-top:29px;\"><div class=\"icon\" style=\"margin-top:-29px;margin-bottom:-29px;-webkit-animation-duration: 350ms;animation-duration: 350ms;\"><span style=\"height:72px;width:72px;line-height:37px;border-color:#c11f1a;border-width:4px;border-style:solid;background-color:#212934;margin-right:20px;box-sizing:content-box;border-radius:50%;\"><i style=\"border-color:#212934;border-width:1px;background-color:#c11f1a;box-sizing:content-box;height:70px;width:70px;line-height:70px;border-radius:50%;position:relative;top:auto;left:auto;margin:0;border-radius:50%;font-size:35px;\" aria-hidden=\"true\" class=\"fontawesome-icon fa-angle-double-down fas circle-yes\"><\/i><\/span><\/div><h3 class=\"content-box-heading fusion-responsive-typography-calculated\" style=\"--h3_typography-font-size:22px;--fontSize:22;line-height:1.6;\">1926<\/h3><\/div><div class=\"fusion-clearfix\"><\/div><div class=\"content-container\">\n<p>Das Wandern ist nicht des Hartkorns Lust! Die L\u00f6sung? Wir bekommen unseren ersten eigenen Vertreter!<\/p>\n<\/div><div class=\"content-box-shortcode-timeline-vertical\" style=\"border-color:#c11f1a;left:55px;top:40px;-webkit-transition-duration: 350ms;animation-duration: 350ms;\"><\/div><\/div><\/div><div style=\"--awb-backgroundcolor:rgba(255,255,255,0);--awb-content-padding-left:100px;\" class=\"fusion-column content-box-column content-box-column content-box-column-5 col-lg-12 col-md-12 col-sm-12 fusion-content-box-hover content-box-column-last-in-row\"><div class=\"col content-box-wrapper content-wrapper link-area-link-icon content-icon-wrapper-yes icon-hover-animation-fade fusion-animated\" data-animationType=\"fadeIn\" data-animationDuration=\"0.25\" data-animationOffset=\"top-into-view\"><div class=\"heading heading-with-icon icon-left\" style=\"margin-top:29px;\"><div class=\"icon\" style=\"margin-top:-29px;margin-bottom:-29px;-webkit-animation-duration: 350ms;animation-duration: 350ms;\"><span style=\"height:72px;width:72px;line-height:37px;border-color:#c11f1a;border-width:4px;border-style:solid;background-color:#212934;margin-right:20px;box-sizing:content-box;border-radius:50%;\"><i style=\"border-color:#212934;border-width:1px;background-color:#c11f1a;box-sizing:content-box;height:70px;width:70px;line-height:70px;border-radius:50%;position:relative;top:auto;left:auto;margin:0;border-radius:50%;font-size:35px;\" aria-hidden=\"true\" class=\"fontawesome-icon fa-angle-double-down fas circle-yes\"><\/i><\/span><\/div><h3 class=\"content-box-heading fusion-responsive-typography-calculated\" style=\"--h3_typography-font-size:22px;--fontSize:22;line-height:1.6;\">1928<\/h3><\/div><div class=\"fusion-clearfix\"><\/div><div class=\"content-container\">\n<p>Immer mehr weit entfernte Kunden sehnen sich nach unseren Gew\u00fcrzsch\u00e4tzchen, zu Fu\u00df sind diese aber unm\u00f6glich zu erreichen. Aber auch hier ist schnell eine L\u00f6sung gefunden: Zimtzicke, unser erster Reisewagen wird angeschafft mit dem im viertelj\u00e4hrlichen Rhythmus weit entfernte Kunden sogar bis nach \u00d6sterreich angefahren wurden.<\/p>\n<\/div><div class=\"content-box-shortcode-timeline-vertical\" style=\"border-color:#c11f1a;left:55px;top:40px;-webkit-transition-duration: 350ms;animation-duration: 350ms;\"><\/div><\/div><\/div><div style=\"--awb-backgroundcolor:rgba(255,255,255,0);--awb-content-padding-left:100px;\" class=\"fusion-column content-box-column content-box-column content-box-column-6 col-lg-12 col-md-12 col-sm-12 fusion-content-box-hover content-box-column-last-in-row\"><div class=\"col content-box-wrapper content-wrapper link-area-link-icon content-icon-wrapper-yes icon-hover-animation-fade fusion-animated\" data-animationType=\"fadeIn\" data-animationDuration=\"0.25\" data-animationOffset=\"top-into-view\"><div class=\"heading heading-with-icon icon-left\" style=\"margin-top:29px;\"><div class=\"icon\" style=\"margin-top:-29px;margin-bottom:-29px;-webkit-animation-duration: 350ms;animation-duration: 350ms;\"><span style=\"height:72px;width:72px;line-height:37px;border-color:#c11f1a;border-width:4px;border-style:solid;background-color:#212934;margin-right:20px;box-sizing:content-box;border-radius:50%;\"><i style=\"border-color:#212934;border-width:1px;background-color:#c11f1a;box-sizing:content-box;height:70px;width:70px;line-height:70px;border-radius:50%;position:relative;top:auto;left:auto;margin:0;border-radius:50%;font-size:35px;\" aria-hidden=\"true\" class=\"fontawesome-icon fa-angle-double-down fas circle-yes\"><\/i><\/span><\/div><h3 class=\"content-box-heading fusion-responsive-typography-calculated\" style=\"--h3_typography-font-size:22px;--fontSize:22;line-height:1.6;\">1935<\/h3><\/div><div class=\"fusion-clearfix\"><\/div><div class=\"content-container\">\n<p>Wir erweitern unser Sortiment und vertreiben fortan auch Back-, Pudding- und So\u00dfenpulver, sowie Kuchenzugaben.<\/p>\n<\/div><div class=\"content-box-shortcode-timeline-vertical\" style=\"border-color:#c11f1a;left:55px;top:40px;-webkit-transition-duration: 350ms;animation-duration: 350ms;\"><\/div><\/div><\/div><div style=\"--awb-backgroundcolor:rgba(255,255,255,0);--awb-content-padding-left:100px;\" class=\"fusion-column content-box-column content-box-column content-box-column-7 col-lg-12 col-md-12 col-sm-12 fusion-content-box-hover content-box-column-last-in-row\"><div class=\"col content-box-wrapper content-wrapper link-area-link-icon content-icon-wrapper-yes icon-hover-animation-fade fusion-animated\" data-animationType=\"fadeIn\" data-animationDuration=\"0.25\" data-animationOffset=\"top-into-view\"><div class=\"heading heading-with-icon icon-left\" style=\"margin-top:29px;\"><div class=\"icon\" style=\"margin-top:-29px;margin-bottom:-29px;-webkit-animation-duration: 350ms;animation-duration: 350ms;\"><span style=\"height:72px;width:72px;line-height:37px;border-color:#c11f1a;border-width:4px;border-style:solid;background-color:#212934;margin-right:20px;box-sizing:content-box;border-radius:50%;\"><i style=\"border-color:#212934;border-width:1px;background-color:#c11f1a;box-sizing:content-box;height:70px;width:70px;line-height:70px;border-radius:50%;position:relative;top:auto;left:auto;margin:0;border-radius:50%;font-size:35px;\" aria-hidden=\"true\" class=\"fontawesome-icon fa-angle-double-down fas circle-yes\"><\/i><\/span><\/div><h3 class=\"content-box-heading fusion-responsive-typography-calculated\" style=\"--h3_typography-font-size:22px;--fontSize:22;line-height:1.6;\">1937<\/h3><\/div><div class=\"fusion-clearfix\"><\/div><div class=\"content-container\">\n<p>Doppelt h\u00e4lt besser: Wir f\u00fchren den Zwei Schicht Betrieb ein!<\/p>\n<\/div><div class=\"content-box-shortcode-timeline-vertical\" style=\"border-color:#c11f1a;left:55px;top:40px;-webkit-transition-duration: 350ms;animation-duration: 350ms;\"><\/div><\/div><\/div><div style=\"--awb-backgroundcolor:rgba(255,255,255,0);--awb-content-padding-left:100px;\" class=\"fusion-column content-box-column content-box-column content-box-column-8 col-lg-12 col-md-12 col-sm-12 fusion-content-box-hover content-box-column-last-in-row\"><div class=\"col content-box-wrapper content-wrapper link-area-link-icon content-icon-wrapper-yes icon-hover-animation-fade fusion-animated\" data-animationType=\"fadeIn\" data-animationDuration=\"0.25\" data-animationOffset=\"top-into-view\"><div class=\"heading heading-with-icon icon-left\" style=\"margin-top:29px;\"><div class=\"icon\" style=\"margin-top:-29px;margin-bottom:-29px;-webkit-animation-duration: 350ms;animation-duration: 350ms;\"><span style=\"height:72px;width:72px;line-height:37px;border-color:#c11f1a;border-width:4px;border-style:solid;background-color:#212934;margin-right:20px;box-sizing:content-box;border-radius:50%;\"><i style=\"border-color:#212934;border-width:1px;background-color:#c11f1a;box-sizing:content-box;height:70px;width:70px;line-height:70px;border-radius:50%;position:relative;top:auto;left:auto;margin:0;border-radius:50%;font-size:35px;\" aria-hidden=\"true\" class=\"fontawesome-icon fa-angle-double-down fas circle-yes\"><\/i><\/span><\/div><h3 class=\"content-box-heading fusion-responsive-typography-calculated\" style=\"--h3_typography-font-size:22px;--fontSize:22;line-height:1.6;\">1939<\/h3><\/div><div class=\"fusion-clearfix\"><\/div><div class=\"content-container\">\n<p>Hartkorn macht die Kinder froh: Die Spezialkindernahrung &#8222;Harkoso&#8220; gesellt sich zum Sortiment.<br \/>\nDer 2. Weltkrieg bricht aus und trifft das junge Unternehmen, wie viele andere auch, hart. Viele Mitarbeiter werden zum Heeresdienst eingezogen, Last- und Personenwagen werden beschlagnahmt.<\/p>\n<\/div><div class=\"content-box-shortcode-timeline-vertical\" style=\"border-color:#c11f1a;left:55px;top:40px;-webkit-transition-duration: 350ms;animation-duration: 350ms;\"><\/div><\/div><\/div><div style=\"--awb-backgroundcolor:rgba(255,255,255,0);--awb-content-padding-left:100px;\" class=\"fusion-column content-box-column content-box-column content-box-column-9 col-lg-12 col-md-12 col-sm-12 fusion-content-box-hover content-box-column-last-in-row\"><div class=\"col content-box-wrapper content-wrapper link-area-link-icon content-icon-wrapper-yes icon-hover-animation-fade fusion-animated\" data-animationType=\"fadeIn\" data-animationDuration=\"0.25\" data-animationOffset=\"top-into-view\"><div class=\"heading heading-with-icon icon-left\" style=\"margin-top:29px;\"><div class=\"icon\" style=\"margin-top:-29px;margin-bottom:-29px;-webkit-animation-duration: 350ms;animation-duration: 350ms;\"><span style=\"height:72px;width:72px;line-height:37px;border-color:#c11f1a;border-width:4px;border-style:solid;background-color:#212934;margin-right:20px;box-sizing:content-box;border-radius:50%;\"><i style=\"border-color:#212934;border-width:1px;background-color:#c11f1a;box-sizing:content-box;height:70px;width:70px;line-height:70px;border-radius:50%;position:relative;top:auto;left:auto;margin:0;border-radius:50%;font-size:35px;\" aria-hidden=\"true\" class=\"fontawesome-icon fa-angle-double-down fas circle-yes\"><\/i><\/span><\/div><h3 class=\"content-box-heading fusion-responsive-typography-calculated\" style=\"--h3_typography-font-size:22px;--fontSize:22;line-height:1.6;\">1943<\/h3><\/div><div class=\"fusion-clearfix\"><\/div><div class=\"content-container\">\n<p>Koblenz wird von verheerenden Bombenangriffen schwer getroffen und versinkt in Tr\u00fcmmern. Die Arbeit kann nur unter schwerster k\u00f6rperlicher und seelischer Belastung fortgesetzt werden. Trotzdem halten wir durch!<\/p>\n<\/div><div class=\"content-box-shortcode-timeline-vertical\" style=\"border-color:#c11f1a;left:55px;top:40px;-webkit-transition-duration: 350ms;animation-duration: 350ms;\"><\/div><\/div><\/div><div style=\"--awb-backgroundcolor:rgba(255,255,255,0);--awb-content-padding-left:100px;\" class=\"fusion-column content-box-column content-box-column content-box-column-10 col-lg-12 col-md-12 col-sm-12 fusion-content-box-hover content-box-column-last-in-row\"><div class=\"col content-box-wrapper content-wrapper link-area-link-icon content-icon-wrapper-yes icon-hover-animation-fade fusion-animated\" data-animationType=\"fadeIn\" data-animationDuration=\"0.25\" data-animationOffset=\"top-into-view\"><div class=\"heading heading-with-icon icon-left\" style=\"margin-top:29px;\"><div class=\"icon\" style=\"margin-top:-29px;margin-bottom:-29px;-webkit-animation-duration: 350ms;animation-duration: 350ms;\"><span style=\"height:72px;width:72px;line-height:37px;border-color:#c11f1a;border-width:4px;border-style:solid;background-color:#212934;margin-right:20px;box-sizing:content-box;border-radius:50%;\"><i style=\"border-color:#212934;border-width:1px;background-color:#c11f1a;box-sizing:content-box;height:70px;width:70px;line-height:70px;border-radius:50%;position:relative;top:auto;left:auto;margin:0;border-radius:50%;font-size:35px;\" aria-hidden=\"true\" class=\"fontawesome-icon fa-angle-double-down fas circle-yes\"><\/i><\/span><\/div><h3 class=\"content-box-heading fusion-responsive-typography-calculated\" style=\"--h3_typography-font-size:22px;--fontSize:22;line-height:1.6;\">1945<\/h3><\/div><div class=\"fusion-clearfix\"><\/div><div class=\"content-container\">\n<p>Nur kurze Zeit sp\u00e4ter, kurz vor Ende des zweiten Weltkriegs, arbeiten wir schon wieder mit 30 Leuten und sind mit dem tatkr\u00e4ftigen Auf- und Ausbau besch\u00e4ftigt.<\/p>\n<\/div><div class=\"content-box-shortcode-timeline-vertical\" style=\"border-color:#c11f1a;left:55px;top:40px;-webkit-transition-duration: 350ms;animation-duration: 350ms;\"><\/div><\/div><\/div><div style=\"--awb-backgroundcolor:rgba(255,255,255,0);--awb-content-padding-left:100px;\" class=\"fusion-column content-box-column content-box-column content-box-column-11 col-lg-12 col-md-12 col-sm-12 fusion-content-box-hover content-box-column-last-in-row\"><div class=\"col content-box-wrapper content-wrapper link-area-link-icon content-icon-wrapper-yes icon-hover-animation-fade fusion-animated\" data-animationType=\"fadeIn\" data-animationDuration=\"0.25\" data-animationOffset=\"top-into-view\"><div class=\"heading heading-with-icon icon-left\" style=\"margin-top:29px;\"><div class=\"icon\" style=\"margin-top:-29px;margin-bottom:-29px;-webkit-animation-duration: 350ms;animation-duration: 350ms;\"><span style=\"height:72px;width:72px;line-height:37px;border-color:#c11f1a;border-width:4px;border-style:solid;background-color:#212934;margin-right:20px;box-sizing:content-box;border-radius:50%;\"><i style=\"border-color:#212934;border-width:1px;background-color:#c11f1a;box-sizing:content-box;height:70px;width:70px;line-height:70px;border-radius:50%;position:relative;top:auto;left:auto;margin:0;border-radius:50%;font-size:35px;\" aria-hidden=\"true\" class=\"fontawesome-icon fa-angle-double-down fas circle-yes\"><\/i><\/span><\/div><h3 class=\"content-box-heading fusion-responsive-typography-calculated\" style=\"--h3_typography-font-size:22px;--fontSize:22;line-height:1.6;\">1946<\/h3><\/div><div class=\"fusion-clearfix\"><\/div><div class=\"content-container\">\n<p>Wir sind flei\u00dfig: Im mittelfr\u00e4nkischen Marktbibart ensteht ein Zweitwerk mit Schwerpunkt auf Puddingpulver.<\/p>\n<\/div><div class=\"content-box-shortcode-timeline-vertical\" style=\"border-color:#c11f1a;left:55px;top:40px;-webkit-transition-duration: 350ms;animation-duration: 350ms;\"><\/div><\/div><\/div><div style=\"--awb-backgroundcolor:rgba(255,255,255,0);--awb-content-padding-left:100px;\" class=\"fusion-column content-box-column content-box-column content-box-column-12 col-lg-12 col-md-12 col-sm-12 fusion-content-box-hover content-box-column-last-in-row\"><div class=\"col content-box-wrapper content-wrapper link-area-link-icon content-icon-wrapper-yes icon-hover-animation-fade fusion-animated\" data-animationType=\"fadeIn\" data-animationDuration=\"0.25\" data-animationOffset=\"top-into-view\"><div class=\"heading heading-with-icon icon-left\" style=\"margin-top:29px;\"><div class=\"icon\" style=\"margin-top:-29px;margin-bottom:-29px;-webkit-animation-duration: 350ms;animation-duration: 350ms;\"><span style=\"height:72px;width:72px;line-height:37px;border-color:#c11f1a;border-width:4px;border-style:solid;background-color:#212934;margin-right:20px;box-sizing:content-box;border-radius:50%;\"><i style=\"border-color:#212934;border-width:1px;background-color:#c11f1a;box-sizing:content-box;height:70px;width:70px;line-height:70px;border-radius:50%;position:relative;top:auto;left:auto;margin:0;border-radius:50%;font-size:35px;\" aria-hidden=\"true\" class=\"fontawesome-icon fa-angle-double-down fas circle-yes\"><\/i><\/span><\/div><h3 class=\"content-box-heading fusion-responsive-typography-calculated\" style=\"--h3_typography-font-size:22px;--fontSize:22;line-height:1.6;\">1967<\/h3><\/div><div class=\"fusion-clearfix\"><\/div><div class=\"content-container\">\n<p>Echt bewundernswert: Nach dem \u00fcberraschenden Tod von Anton Hartkorn 1967, \u00fcbernimmt der damals erst 20 j\u00e4hrige Hans-Dieter in 3. Generation das Unternehmen. Eine ganz sch\u00f6ne Mammutaufgabe, die er aber dank der fantastischen Hilfe seiner Mutter, die ihn bis zu ihrem Tod im Jahre 1980 unterst\u00fctzt, bravour\u00f6s meistert.<\/p>\n<\/div><div class=\"content-box-shortcode-timeline-vertical\" style=\"border-color:#c11f1a;left:55px;top:40px;-webkit-transition-duration: 350ms;animation-duration: 350ms;\"><\/div><\/div><\/div><div style=\"--awb-backgroundcolor:rgba(255,255,255,0);--awb-content-padding-left:100px;\" class=\"fusion-column content-box-column content-box-column content-box-column-13 col-lg-12 col-md-12 col-sm-12 fusion-content-box-hover content-box-column-last-in-row\"><div class=\"col content-box-wrapper content-wrapper link-area-link-icon content-icon-wrapper-yes icon-hover-animation-fade fusion-animated\" data-animationType=\"fadeIn\" data-animationDuration=\"0.25\" data-animationOffset=\"top-into-view\"><div class=\"heading heading-with-icon icon-left\" style=\"margin-top:29px;\"><div class=\"icon\" style=\"margin-top:-29px;margin-bottom:-29px;-webkit-animation-duration: 350ms;animation-duration: 350ms;\"><span style=\"height:72px;width:72px;line-height:37px;border-color:#c11f1a;border-width:4px;border-style:solid;background-color:#212934;margin-right:20px;box-sizing:content-box;border-radius:50%;\"><i style=\"border-color:#212934;border-width:1px;background-color:#c11f1a;box-sizing:content-box;height:70px;width:70px;line-height:70px;border-radius:50%;position:relative;top:auto;left:auto;margin:0;border-radius:50%;font-size:35px;\" aria-hidden=\"true\" class=\"fontawesome-icon fa-angle-double-down fas circle-yes\"><\/i><\/span><\/div><h3 class=\"content-box-heading fusion-responsive-typography-calculated\" style=\"--h3_typography-font-size:22px;--fontSize:22;line-height:1.6;\">1969<\/h3><\/div><div class=\"fusion-clearfix\"><\/div><div class=\"content-container\">\n<p>Schon fr\u00fch erkennt unser heutiger Seniorchef Hans-Dieter Hartkorn, dass sich am Sortiment einiges \u00e4ndern muss. In der Folge trennt man sich nach und nach von den N\u00e4hrmitteln wie Puddingpulver und Co. Zusammen mit seiner Mutter beschlie\u00dft er sich konsequent auf Gew\u00fcrze zu konzentrieren und diese zu unserer Kernkompetenz zu machen.<\/p>\n<\/div><div class=\"content-box-shortcode-timeline-vertical\" style=\"border-color:#c11f1a;left:55px;top:40px;-webkit-transition-duration: 350ms;animation-duration: 350ms;\"><\/div><\/div><\/div><div style=\"--awb-backgroundcolor:rgba(255,255,255,0);--awb-content-padding-left:100px;\" class=\"fusion-column content-box-column content-box-column content-box-column-14 col-lg-12 col-md-12 col-sm-12 fusion-content-box-hover content-box-column-last-in-row\"><div class=\"col content-box-wrapper content-wrapper link-area-link-icon content-icon-wrapper-yes icon-hover-animation-fade fusion-animated\" data-animationType=\"fadeIn\" data-animationDuration=\"0.25\" data-animationOffset=\"top-into-view\"><div class=\"heading heading-with-icon icon-left\" style=\"margin-top:29px;\"><div class=\"icon\" style=\"margin-top:-29px;margin-bottom:-29px;-webkit-animation-duration: 350ms;animation-duration: 350ms;\"><span style=\"height:72px;width:72px;line-height:37px;border-color:#c11f1a;border-width:4px;border-style:solid;background-color:#212934;margin-right:20px;box-sizing:content-box;border-radius:50%;\"><i style=\"border-color:#212934;border-width:1px;background-color:#c11f1a;box-sizing:content-box;height:70px;width:70px;line-height:70px;border-radius:50%;position:relative;top:auto;left:auto;margin:0;border-radius:50%;font-size:35px;\" aria-hidden=\"true\" class=\"fontawesome-icon fa-angle-double-down fas circle-yes\"><\/i><\/span><\/div><h3 class=\"content-box-heading fusion-responsive-typography-calculated\" style=\"--h3_typography-font-size:22px;--fontSize:22;line-height:1.6;\">1970<\/h3><\/div><div class=\"fusion-clearfix\"><\/div><div class=\"content-container\">\n<p>Und was wir alleine nicht schaffen, dass schaffen wir dann zusammen! Die Hartkorn&#8217;schen Hochzeitsglocken haben flei\u00dfig gel\u00e4utet! Von nun an wird Hans-Dieter Hartkorn nicht lediglich von seiner Mutter, sondern gleich einer 2. Powerfrau, seiner Ehefrau Ingrid, unerm\u00fcdlich unter die Arme gegriffen! Eine echte K\u00e4mpfernatur und unfassbar herzliche, gute Seele, die uns bis heute noch mit Rat und Tat beiseite steht! Ein echtes K\u00e4mpfer-Trio ist geboren!<\/p>\n<\/div><div class=\"content-box-shortcode-timeline-vertical\" style=\"border-color:#c11f1a;left:55px;top:40px;-webkit-transition-duration: 350ms;animation-duration: 350ms;\"><\/div><\/div><\/div><div style=\"--awb-backgroundcolor:rgba(255,255,255,0);--awb-content-padding-left:100px;\" class=\"fusion-column content-box-column content-box-column content-box-column-15 col-lg-12 col-md-12 col-sm-12 fusion-content-box-hover content-box-column-last-in-row\"><div class=\"col content-box-wrapper content-wrapper link-area-link-icon content-icon-wrapper-yes icon-hover-animation-fade fusion-animated\" data-animationType=\"fadeIn\" data-animationDuration=\"0.25\" data-animationOffset=\"top-into-view\"><div class=\"heading heading-with-icon icon-left\" style=\"margin-top:29px;\"><div class=\"icon\" style=\"margin-top:-29px;margin-bottom:-29px;-webkit-animation-duration: 350ms;animation-duration: 350ms;\"><span style=\"height:72px;width:72px;line-height:37px;border-color:#c11f1a;border-width:4px;border-style:solid;background-color:#212934;margin-right:20px;box-sizing:content-box;border-radius:50%;\"><i style=\"border-color:#212934;border-width:1px;background-color:#c11f1a;box-sizing:content-box;height:70px;width:70px;line-height:70px;border-radius:50%;position:relative;top:auto;left:auto;margin:0;border-radius:50%;font-size:35px;\" aria-hidden=\"true\" class=\"fontawesome-icon fa-angle-double-down fas circle-yes\"><\/i><\/span><\/div><h3 class=\"content-box-heading fusion-responsive-typography-calculated\" style=\"--h3_typography-font-size:22px;--fontSize:22;line-height:1.6;\">1971<\/h3><\/div><div class=\"fusion-clearfix\"><\/div><div class=\"content-container\">\n<p>In weiteren Umstrukturierungen erkennen Hans-Dieter und Ingrid Hartkorn schnell, dass man das Sortiment f\u00fcr die Zukunft ausweiten muss: Es entstehen immer mehr sogenannte &#8222;Superm\u00e4rkte&#8220; auf den gr\u00fcnen Wiesen. Die bisherigen, f\u00fcr &#8222;Tante Emma L\u00e4den&#8220; konzipierten, Flachbeutel bekommen in Form von Dosen und Blockbodenbeuteln starke Kollegen.<br \/>\nViel Gew\u00fcrz zum g\u00fcnstigen Preis f\u00fcr Superm\u00e4rkte!<\/p>\n<\/div><div class=\"content-box-shortcode-timeline-vertical\" style=\"border-color:#c11f1a;left:55px;top:40px;-webkit-transition-duration: 350ms;animation-duration: 350ms;\"><\/div><\/div><\/div><div style=\"--awb-backgroundcolor:rgba(255,255,255,0);--awb-content-padding-left:100px;\" class=\"fusion-column content-box-column content-box-column content-box-column-16 col-lg-12 col-md-12 col-sm-12 fusion-content-box-hover content-box-column-last-in-row\"><div class=\"col content-box-wrapper content-wrapper link-area-link-icon content-icon-wrapper-yes icon-hover-animation-fade fusion-animated\" data-animationType=\"fadeIn\" data-animationDuration=\"0.25\" data-animationOffset=\"top-into-view\"><div class=\"heading heading-with-icon icon-left\" style=\"margin-top:29px;\"><div class=\"icon\" style=\"margin-top:-29px;margin-bottom:-29px;-webkit-animation-duration: 350ms;animation-duration: 350ms;\"><span style=\"height:72px;width:72px;line-height:37px;border-color:#c11f1a;border-width:4px;border-style:solid;background-color:#212934;margin-right:20px;box-sizing:content-box;border-radius:50%;\"><i style=\"border-color:#212934;border-width:1px;background-color:#c11f1a;box-sizing:content-box;height:70px;width:70px;line-height:70px;border-radius:50%;position:relative;top:auto;left:auto;margin:0;border-radius:50%;font-size:35px;\" aria-hidden=\"true\" class=\"fontawesome-icon fa-angle-double-down fas circle-yes\"><\/i><\/span><\/div><h3 class=\"content-box-heading fusion-responsive-typography-calculated\" style=\"--h3_typography-font-size:22px;--fontSize:22;line-height:1.6;\">1974<\/h3><\/div><div class=\"fusion-clearfix\"><\/div><div class=\"content-container\">\n<p>Runde Sache: Die erste Dosenmaschine wird angeschafft und f\u00fcllt ab sofort (noch Plastikdosen) voll automatisch ab.<\/p>\n<\/div><div class=\"content-box-shortcode-timeline-vertical\" style=\"border-color:#c11f1a;left:55px;top:40px;-webkit-transition-duration: 350ms;animation-duration: 350ms;\"><\/div><\/div><\/div><div style=\"--awb-backgroundcolor:rgba(255,255,255,0);--awb-content-padding-left:100px;\" class=\"fusion-column content-box-column content-box-column content-box-column-17 col-lg-12 col-md-12 col-sm-12 fusion-content-box-hover content-box-column-last-in-row\"><div class=\"col content-box-wrapper content-wrapper link-area-link-icon content-icon-wrapper-yes icon-hover-animation-fade fusion-animated\" data-animationType=\"fadeIn\" data-animationDuration=\"0.25\" data-animationOffset=\"top-into-view\"><div class=\"heading heading-with-icon icon-left\" style=\"margin-top:29px;\"><div class=\"icon\" style=\"margin-top:-29px;margin-bottom:-29px;-webkit-animation-duration: 350ms;animation-duration: 350ms;\"><span style=\"height:72px;width:72px;line-height:37px;border-color:#c11f1a;border-width:4px;border-style:solid;background-color:#212934;margin-right:20px;box-sizing:content-box;border-radius:50%;\"><i style=\"border-color:#212934;border-width:1px;background-color:#c11f1a;box-sizing:content-box;height:70px;width:70px;line-height:70px;border-radius:50%;position:relative;top:auto;left:auto;margin:0;border-radius:50%;font-size:35px;\" aria-hidden=\"true\" class=\"fontawesome-icon fa-angle-double-down fas circle-yes\"><\/i><\/span><\/div><h3 class=\"content-box-heading fusion-responsive-typography-calculated\" style=\"--h3_typography-font-size:22px;--fontSize:22;line-height:1.6;\">1978<\/h3><\/div><div class=\"fusion-clearfix\"><\/div><div class=\"content-container\">\n<p>Auch die Blockbodenbeutel wurden bisher von Hand bef\u00fcllt. Zeit also uns auch hier Unterst\u00fctzung zu holen. Wir bekommen unsere erste eigene Beutelabf\u00fcllmaschine. Ein echtes Novum zu dieser Zeit!<\/p>\n<\/div><div class=\"content-box-shortcode-timeline-vertical\" style=\"border-color:#c11f1a;left:55px;top:40px;-webkit-transition-duration: 350ms;animation-duration: 350ms;\"><\/div><\/div><\/div><div style=\"--awb-backgroundcolor:rgba(255,255,255,0);--awb-content-padding-left:100px;\" class=\"fusion-column content-box-column content-box-column content-box-column-18 col-lg-12 col-md-12 col-sm-12 fusion-content-box-hover content-box-column-last-in-row\"><div class=\"col content-box-wrapper content-wrapper link-area-link-icon content-icon-wrapper-yes icon-hover-animation-fade fusion-animated\" data-animationType=\"fadeIn\" data-animationDuration=\"0.25\" data-animationOffset=\"top-into-view\"><div class=\"heading heading-with-icon icon-left\" style=\"margin-top:29px;\"><div class=\"icon\" style=\"margin-top:-29px;margin-bottom:-29px;-webkit-animation-duration: 350ms;animation-duration: 350ms;\"><span style=\"height:72px;width:72px;line-height:37px;border-color:#c11f1a;border-width:4px;border-style:solid;background-color:#212934;margin-right:20px;box-sizing:content-box;border-radius:50%;\"><i style=\"border-color:#212934;border-width:1px;background-color:#c11f1a;box-sizing:content-box;height:70px;width:70px;line-height:70px;border-radius:50%;position:relative;top:auto;left:auto;margin:0;border-radius:50%;font-size:35px;\" aria-hidden=\"true\" class=\"fontawesome-icon fa-angle-double-down fas circle-yes\"><\/i><\/span><\/div><h3 class=\"content-box-heading fusion-responsive-typography-calculated\" style=\"--h3_typography-font-size:22px;--fontSize:22;line-height:1.6;\">1979<\/h3><\/div><div class=\"fusion-clearfix\"><\/div><div class=\"content-container\">\n<p>Ein weiterer grandioser Meilenstein bahnt sich an: Die bisherigen Plastikdosen weichen neuen Aluminiumdosen. Unser Aromatresor ist geboren! H\u00e4lt die Gew\u00fcrze frisch und lichtgesch\u00fctzt. Bis auf den immer wieder verbesserten Deckel ist der Aromatresor bis heute unver\u00e4ndert unser Top-Produkt im Supermarkt und steht sinnbildlich f\u00fcr die Firma Hartkorn.<\/p>\n<\/div><div class=\"content-box-shortcode-timeline-vertical\" style=\"border-color:#c11f1a;left:55px;top:40px;-webkit-transition-duration: 350ms;animation-duration: 350ms;\"><\/div><\/div><\/div><div style=\"--awb-backgroundcolor:rgba(255,255,255,0);--awb-content-padding-left:100px;\" class=\"fusion-column content-box-column content-box-column content-box-column-19 col-lg-12 col-md-12 col-sm-12 fusion-content-box-hover content-box-column-last-in-row\"><div class=\"col content-box-wrapper content-wrapper link-area-link-icon content-icon-wrapper-yes icon-hover-animation-fade fusion-animated\" data-animationType=\"fadeIn\" data-animationDuration=\"0.25\" data-animationOffset=\"top-into-view\"><div class=\"heading heading-with-icon icon-left\" style=\"margin-top:29px;\"><div class=\"icon\" style=\"margin-top:-29px;margin-bottom:-29px;-webkit-animation-duration: 350ms;animation-duration: 350ms;\"><span style=\"height:72px;width:72px;line-height:37px;border-color:#c11f1a;border-width:4px;border-style:solid;background-color:#212934;margin-right:20px;box-sizing:content-box;border-radius:50%;\"><i style=\"border-color:#212934;border-width:1px;background-color:#c11f1a;box-sizing:content-box;height:70px;width:70px;line-height:70px;border-radius:50%;position:relative;top:auto;left:auto;margin:0;border-radius:50%;font-size:35px;\" aria-hidden=\"true\" class=\"fontawesome-icon fa-angle-double-down fas circle-yes\"><\/i><\/span><\/div><h3 class=\"content-box-heading fusion-responsive-typography-calculated\" style=\"--h3_typography-font-size:22px;--fontSize:22;line-height:1.6;\">2008<\/h3><\/div><div class=\"fusion-clearfix\"><\/div><div class=\"content-container\">\n<p>Wie der Vater so der Sohn: Auch Dr. rer. nat. Andreas Hartkorn findet seinen Weg zu den leckeren Gew\u00fcrzsch\u00e4tzen und verst\u00e4rkt von nun an seine Eltern und unser\u00a0gesamtes Scharfmacher Team tatkr\u00e4ftig.<\/p>\n<\/div><div class=\"content-box-shortcode-timeline-vertical\" style=\"border-color:#c11f1a;left:55px;top:40px;-webkit-transition-duration: 350ms;animation-duration: 350ms;\"><\/div><\/div><\/div><div style=\"--awb-backgroundcolor:rgba(255,255,255,0);--awb-content-padding-left:100px;\" class=\"fusion-column content-box-column content-box-column content-box-column-20 col-lg-12 col-md-12 col-sm-12 fusion-content-box-hover content-box-column-last-in-row\"><div class=\"col content-box-wrapper content-wrapper link-area-link-icon content-icon-wrapper-yes icon-hover-animation-fade fusion-animated\" data-animationType=\"fadeIn\" data-animationDuration=\"0.25\" data-animationOffset=\"top-into-view\"><div class=\"heading heading-with-icon icon-left\" style=\"margin-top:29px;\"><div class=\"icon\" style=\"margin-top:-29px;margin-bottom:-29px;-webkit-animation-duration: 350ms;animation-duration: 350ms;\"><span style=\"height:72px;width:72px;line-height:37px;border-color:#c11f1a;border-width:4px;border-style:solid;background-color:#212934;margin-right:20px;box-sizing:content-box;border-radius:50%;\"><i style=\"border-color:#212934;border-width:1px;background-color:#c11f1a;box-sizing:content-box;height:70px;width:70px;line-height:70px;border-radius:50%;position:relative;top:auto;left:auto;margin:0;border-radius:50%;font-size:35px;\" aria-hidden=\"true\" class=\"fontawesome-icon fa-angle-double-down fas circle-yes\"><\/i><\/span><\/div><h3 class=\"content-box-heading fusion-responsive-typography-calculated\" style=\"--h3_typography-font-size:22px;--fontSize:22;line-height:1.6;\">2009<\/h3><\/div><div class=\"fusion-clearfix\"><\/div><div class=\"content-container\">\n<p>Das stetige Wachstum nimmt einfach kein Ende: Unsere Verwaltung sattelt die Gew\u00fcrzs\u00e4ckchen und zieht erstmalig\u00a0um.<\/p>\n<\/div><div class=\"content-box-shortcode-timeline-vertical\" style=\"border-color:#c11f1a;left:55px;top:40px;-webkit-transition-duration: 350ms;animation-duration: 350ms;\"><\/div><\/div><\/div><div style=\"--awb-backgroundcolor:rgba(255,255,255,0);--awb-content-padding-left:100px;\" class=\"fusion-column content-box-column content-box-column content-box-column-21 col-lg-12 col-md-12 col-sm-12 fusion-content-box-hover content-box-column-last-in-row\"><div class=\"col content-box-wrapper content-wrapper link-area-link-icon content-icon-wrapper-yes icon-hover-animation-fade fusion-animated\" data-animationType=\"fadeIn\" data-animationDuration=\"0.25\" data-animationOffset=\"top-into-view\"><div class=\"heading heading-with-icon icon-left\" style=\"margin-top:29px;\"><div class=\"icon\" style=\"margin-top:-29px;margin-bottom:-29px;-webkit-animation-duration: 350ms;animation-duration: 350ms;\"><span style=\"height:72px;width:72px;line-height:37px;border-color:#c11f1a;border-width:4px;border-style:solid;background-color:#212934;margin-right:20px;box-sizing:content-box;border-radius:50%;\"><i style=\"border-color:#212934;border-width:1px;background-color:#c11f1a;box-sizing:content-box;height:70px;width:70px;line-height:70px;border-radius:50%;position:relative;top:auto;left:auto;margin:0;border-radius:50%;font-size:35px;\" aria-hidden=\"true\" class=\"fontawesome-icon fa-angle-double-down fas circle-yes\"><\/i><\/span><\/div><h3 class=\"content-box-heading fusion-responsive-typography-calculated\" style=\"--h3_typography-font-size:22px;--fontSize:22;line-height:1.6;\">2011<\/h3><\/div><div class=\"fusion-clearfix\"><\/div><div class=\"content-container\">\n<p>Vier gewinnt: Simone Lautensack, die sp\u00e4tere Frau Hartkorn Junior,\u00a0tritt ins Unternehmen\u00a0ein und unterst\u00fctzt den Einkauf mit vollem Einsatz.<\/p>\n<\/div><div class=\"content-box-shortcode-timeline-vertical\" style=\"border-color:#c11f1a;left:55px;top:40px;-webkit-transition-duration: 350ms;animation-duration: 350ms;\"><\/div><\/div><\/div><div style=\"--awb-backgroundcolor:rgba(255,255,255,0);--awb-content-padding-left:100px;\" class=\"fusion-column content-box-column content-box-column content-box-column-22 col-lg-12 col-md-12 col-sm-12 fusion-content-box-hover content-box-column-last-in-row\"><div class=\"col content-box-wrapper content-wrapper link-area-link-icon content-icon-wrapper-yes icon-hover-animation-fade fusion-animated\" data-animationType=\"fadeIn\" data-animationDuration=\"0.25\" data-animationOffset=\"top-into-view\"><div class=\"heading heading-with-icon icon-left\" style=\"margin-top:29px;\"><div class=\"icon\" style=\"margin-top:-29px;margin-bottom:-29px;-webkit-animation-duration: 350ms;animation-duration: 350ms;\"><span style=\"height:72px;width:72px;line-height:37px;border-color:#c11f1a;border-width:4px;border-style:solid;background-color:#212934;margin-right:20px;box-sizing:content-box;border-radius:50%;\"><i style=\"border-color:#212934;border-width:1px;background-color:#c11f1a;box-sizing:content-box;height:70px;width:70px;line-height:70px;border-radius:50%;position:relative;top:auto;left:auto;margin:0;border-radius:50%;font-size:35px;\" aria-hidden=\"true\" class=\"fontawesome-icon fa-angle-double-down fas circle-yes\"><\/i><\/span><\/div><h3 class=\"content-box-heading fusion-responsive-typography-calculated\" style=\"--h3_typography-font-size:22px;--fontSize:22;line-height:1.6;\">2015<\/h3><\/div><div class=\"fusion-clearfix\"><\/div><div class=\"content-container\">\n<p>Wir\u00a0platzen aus allen N\u00e4hten! Unsere Produktionsst\u00e4tte im Wallersheimer Weg war\u00a0lange Zeit der Krei\u00dfsaal f\u00fcr jedes einzelne Gew\u00fcrzd\u00f6schen. Leider sind die Kapazit\u00e4ten mittlerweile viel zu klein f\u00fcr unseren Output.<br \/>\nSo wurde kurzerhand eine ehemalige Backstube gekauft und \u00fcber ein Jahr liebevoll und detailverliebt umgebaut und renoviert. Fortan wird hier auf\u00a0mehreren Produktionsstra\u00dfen produziert was das Zeug h\u00e4lt. Die neue Produktionsst\u00e4tte soll uns f\u00fcr die n\u00e4chsten Jahre ausreichend Platz bieten.<\/p>\n<\/div><div class=\"content-box-shortcode-timeline-vertical\" style=\"border-color:#c11f1a;left:55px;top:40px;-webkit-transition-duration: 350ms;animation-duration: 350ms;\"><\/div><\/div><\/div><div style=\"--awb-backgroundcolor:rgba(255,255,255,0);--awb-content-padding-left:100px;\" class=\"fusion-column content-box-column content-box-column content-box-column-23 col-lg-12 col-md-12 col-sm-12 fusion-content-box-hover content-box-column-last-in-row\"><div class=\"col content-box-wrapper content-wrapper link-area-link-icon content-icon-wrapper-yes icon-hover-animation-fade fusion-animated\" data-animationType=\"fadeIn\" data-animationDuration=\"0.25\" data-animationOffset=\"top-into-view\"><div class=\"heading heading-with-icon icon-left\" style=\"margin-top:29px;\"><div class=\"icon\" style=\"margin-top:-29px;margin-bottom:-29px;-webkit-animation-duration: 350ms;animation-duration: 350ms;\"><span style=\"height:72px;width:72px;line-height:37px;border-color:#c11f1a;border-width:4px;border-style:solid;background-color:#212934;margin-right:20px;box-sizing:content-box;border-radius:50%;\"><i style=\"border-color:#212934;border-width:1px;background-color:#c11f1a;box-sizing:content-box;height:70px;width:70px;line-height:70px;border-radius:50%;position:relative;top:auto;left:auto;margin:0;border-radius:50%;font-size:35px;\" aria-hidden=\"true\" class=\"fontawesome-icon fa-angle-double-down fas circle-yes\"><\/i><\/span><\/div><h3 class=\"content-box-heading fusion-responsive-typography-calculated\" style=\"--h3_typography-font-size:22px;--fontSize:22;line-height:1.6;\">2018<\/h3><\/div><div class=\"fusion-clearfix\"><\/div><div class=\"content-container\">\n<p>Das Wachstum nimmt seither kein Ende, denn sowohl unser Team, als auch unser Sortiment erfreuen sich regelm\u00e4\u00dfig \u00fcber pfiffigen Zuwachs.<br \/>\nAnfang Februar\u00a0werden daher wieder s\u00e4mtliche Gew\u00fcrzs\u00e4ckchen gesattelt und unsere Verwaltung zieht samt Lager nach M\u00fclheim-K\u00e4rlich, von wo aus die Gew\u00fcrzwelt mit geballter Kompetenz fortan\u00a0gesteuert wird.<\/p>\n<\/div><div class=\"content-box-shortcode-timeline-vertical\" style=\"border-color:#c11f1a;left:55px;top:40px;-webkit-transition-duration: 350ms;animation-duration: 350ms;\"><\/div><\/div><\/div><div style=\"--awb-backgroundcolor:rgba(255,255,255,0);--awb-content-padding-left:100px;\" class=\"fusion-column content-box-column content-box-column content-box-column-24 col-lg-12 col-md-12 col-sm-12 fusion-content-box-hover content-box-column-last-in-row\"><div class=\"col content-box-wrapper content-wrapper link-area-link-icon content-icon-wrapper-yes icon-hover-animation-fade fusion-animated\" data-animationType=\"fadeIn\" data-animationDuration=\"0.25\" data-animationOffset=\"top-into-view\"><div class=\"heading heading-with-icon icon-left\" style=\"margin-top:29px;\"><div class=\"icon\" style=\"margin-top:-29px;margin-bottom:-29px;-webkit-animation-duration: 350ms;animation-duration: 350ms;\"><span style=\"height:72px;width:72px;line-height:37px;border-color:#c11f1a;border-width:4px;border-style:solid;background-color:#212934;margin-right:20px;box-sizing:content-box;border-radius:50%;\"><i style=\"border-color:#212934;border-width:1px;background-color:#c11f1a;box-sizing:content-box;height:70px;width:70px;line-height:70px;border-radius:50%;position:relative;top:auto;left:auto;margin:0;border-radius:50%;font-size:35px;\" aria-hidden=\"true\" class=\"fontawesome-icon fa-angle-double-down fas circle-yes\"><\/i><\/span><\/div><h3 class=\"content-box-heading fusion-responsive-typography-calculated\" style=\"--h3_typography-font-size:22px;--fontSize:22;line-height:1.6;\">2020<\/h3><\/div><div class=\"fusion-clearfix\"><\/div><div class=\"content-container\">\n<p>Hartkorn feiert das 100 j\u00e4hrige Jubil\u00e4um<\/p>\n<\/div><div class=\"content-box-shortcode-timeline-vertical\" style=\"border-color:#c11f1a;left:55px;top:40px;-webkit-transition-duration: 350ms;animation-duration: 350ms;\"><\/div><\/div><\/div><div style=\"--awb-backgroundcolor:rgba(255,255,255,0);--awb-content-padding-left:100px;\" class=\"fusion-column content-box-column content-box-column content-box-column-25 col-lg-12 col-md-12 col-sm-12 fusion-content-box-hover content-box-column-last content-box-column-last-in-row\"><div class=\"col content-box-wrapper content-wrapper link-area-link-icon content-icon-wrapper-yes icon-hover-animation-fade fusion-animated\" data-animationType=\"fadeIn\" data-animationDuration=\"0.25\" data-animationOffset=\"top-into-view\"><div class=\"heading heading-with-icon icon-left\" style=\"margin-top:29px;\"><div class=\"icon\" style=\"margin-top:-29px;margin-bottom:-29px;-webkit-animation-duration: 350ms;animation-duration: 350ms;\"><span style=\"height:72px;width:72px;line-height:37px;border-color:#c11f1a;border-width:4px;border-style:solid;background-color:#212934;margin-right:20px;box-sizing:content-box;border-radius:50%;\"><i style=\"border-color:#212934;border-width:1px;background-color:#c11f1a;box-sizing:content-box;height:70px;width:70px;line-height:70px;border-radius:50%;position:relative;top:auto;left:auto;margin:0;border-radius:50%;font-size:35px;\" aria-hidden=\"true\" class=\"fontawesome-icon fa-angle-double-down fas circle-yes\"><\/i><\/span><\/div><h3 class=\"content-box-heading fusion-responsive-typography-calculated\" style=\"--h3_typography-font-size:22px;--fontSize:22;line-height:1.6;\">2023<\/h3><\/div><div class=\"fusion-clearfix\"><\/div><div class=\"content-container\">\n<p><span data-contrast=\"auto\">Ein weiterer Meilenstein in unserer Geschichte \u2013 der gro\u00dfe Umzug von Koblenz nach M\u00fclheim-K\u00e4rlich ist nun geschafft. Mit der erfolgreich abgeschlossenen Verlagerung unserer Maschinen und damit der anspruchsvollsten Phase sind jetzt Produktion, Verwaltung und Logistik wieder unter einem Dach vereint. Dieser Schritt erm\u00f6glicht es uns, unsere Prozesse weiter zu optimieren und Synergien zwischen den Abteilungen zu st\u00e4rken. So werden wir zuk\u00fcnftig noch effizienter und effektiver unsere vielf\u00e4ltigen Gew\u00fcrze und Gew\u00fcrzmischungen f\u00fcr dich produzieren k\u00f6nnen.\u00a0<\/span><span data-ccp-props=\"\">\u00a0<\/span><\/p>\n<p><span data-contrast=\"auto\">Und nat\u00fcrlich bleiben wir auch trotz des Umzugs im Herzen Kowelenzer Sch\u00e4ngel durch und durch.\u00a0<\/span><span data-ccp-props=\"\">\u00a0<\/span><\/p>\n<\/div><div class=\"content-box-shortcode-timeline-vertical\" style=\"border-color:#c11f1a;left:55px;top:40px;-webkit-transition-duration: 350ms;animation-duration: 350ms;\"><\/div><\/div><\/div><div class=\"fusion-clearfix\"><\/div><\/div><div class=\"fusion-clearfix\"><\/div><\/div><\/div><div class=\"fusion-layout-column fusion_builder_column fusion-builder-column-3 fusion_builder_column_1_6 1_6 fusion-one-sixth fusion-column-last\" style=\"--awb-bg-size:cover;width:16.666666666667%;width:calc(16.666666666667% - ( ( 4% + 4% ) * 0.16666666666667 ) );\"><div class=\"fusion-column-wrapper fusion-column-has-shadow fusion-flex-column-wrapper-legacy\"><div class=\"fusion-clearfix\"><\/div><\/div><\/div><\/div><\/div><div class=\"fusion-fullwidth fullwidth-box fusion-builder-row-3 has-pattern-background has-mask-background nonhundred-percent-fullwidth non-hundred-percent-height-scrolling\" style=\"--awb-background-position:left top;--awb-background-repeat:repeat-x;--awb-border-sizes-top:0px;--awb-border-sizes-bottom:0px;--awb-border-sizes-left:0px;--awb-border-sizes-right:0px;--awb-border-radius-top-left:0px;--awb-border-radius-top-right:0px;--awb-border-radius-bottom-right:0px;--awb-border-radius-bottom-left:0px;--awb-padding-top:30px;--awb-padding-bottom:0px;--awb-margin-top:0px;--awb-margin-bottom:0px;--awb-flex-wrap:wrap;\" ><div class=\"fusion-builder-row fusion-row\"><\/div><\/div>\n<\/p>\n","protected":false},"excerpt":{"rendered":"","protected":false},"author":1,"featured_media":0,"parent":0,"menu_order":0,"comment_status":"closed","ping_status":"closed","template":"100-width.php","meta":{"footnotes":""},"class_list":["post-2419","page","type-page","status-publish","hentry"],"yoast_head":"<!-- This site is optimized with the Yoast SEO plugin v27.4 - https:\/\/yoast.com\/product\/yoast-seo-wordpress\/ -->\n<title>Geschichte - Hartkorn Gew\u00fcrze<\/title>\n<meta name=\"description\" content=\"Die Historie der Hartkorn Gew\u00fcrzm\u00fchle ist lang. Seit 1920 vertreiben wir Gew\u00fcrze und Kr\u00e4uter mit dem Fokus auf h\u00f6chste Qualit\u00e4t.\" \/>\n<meta name=\"robots\" content=\"index, follow, max-snippet:-1, max-image-preview:large, max-video-preview:-1\" \/>\n<link rel=\"canonical\" href=\"https:\/\/hartkorn-gewuerze.de\/unternehmen\/geschichte\/\" \/>\n<meta property=\"og:locale\" content=\"de_DE\" \/>\n<meta property=\"og:type\" content=\"article\" \/>\n<meta property=\"og:title\" content=\"Geschichte - Hartkorn Gew\u00fcrze\" \/>\n<meta property=\"og:description\" content=\"Die Historie der Hartkorn Gew\u00fcrzm\u00fchle ist lang. Seit 1920 vertreiben wir Gew\u00fcrze und Kr\u00e4uter mit dem Fokus auf h\u00f6chste Qualit\u00e4t.\" \/>\n<meta property=\"og:url\" content=\"https:\/\/hartkorn-gewuerze.de\/unternehmen\/geschichte\/\" \/>\n<meta property=\"og:site_name\" content=\"Hartkorn Gew\u00fcrze\" \/>\n<meta property=\"article:publisher\" content=\"https:\/\/de-de.facebook.com\/hartkorngewuerze\/\" \/>\n<meta property=\"article:modified_time\" content=\"2024-02-27T06:54:13+00:00\" \/>\n<meta name=\"twitter:card\" content=\"summary_large_image\" \/>\n<meta name=\"twitter:label1\" content=\"Gesch\u00e4tzte Lesezeit\" \/>\n\t<meta name=\"twitter:data1\" content=\"6\u00a0Minuten\" \/>\n<script type=\"application\/ld+json\" class=\"yoast-schema-graph\">{\"@context\":\"https:\\\/\\\/schema.org\",\"@graph\":[{\"@type\":\"WebPage\",\"@id\":\"https:\\\/\\\/hartkorn-gewuerze.de\\\/unternehmen\\\/geschichte\\\/\",\"url\":\"https:\\\/\\\/hartkorn-gewuerze.de\\\/unternehmen\\\/geschichte\\\/\",\"name\":\"Geschichte - Hartkorn Gew\u00fcrze\",\"isPartOf\":{\"@id\":\"https:\\\/\\\/hartkorn-gewuerze.de\\\/unternehmen\\\/#website\"},\"datePublished\":\"2019-02-27T11:55:44+00:00\",\"dateModified\":\"2024-02-27T06:54:13+00:00\",\"description\":\"Die Historie der Hartkorn Gew\u00fcrzm\u00fchle ist lang. Seit 1920 vertreiben wir Gew\u00fcrze und Kr\u00e4uter mit dem Fokus auf h\u00f6chste Qualit\u00e4t.\",\"breadcrumb\":{\"@id\":\"https:\\\/\\\/hartkorn-gewuerze.de\\\/unternehmen\\\/geschichte\\\/#breadcrumb\"},\"inLanguage\":\"de\",\"potentialAction\":[{\"@type\":\"ReadAction\",\"target\":[\"https:\\\/\\\/hartkorn-gewuerze.de\\\/unternehmen\\\/geschichte\\\/\"]}]},{\"@type\":\"BreadcrumbList\",\"@id\":\"https:\\\/\\\/hartkorn-gewuerze.de\\\/unternehmen\\\/geschichte\\\/#breadcrumb\",\"itemListElement\":[{\"@type\":\"ListItem\",\"position\":1,\"name\":\"Startseite\",\"item\":\"https:\\\/\\\/hartkorn-gewuerze.de\\\/unternehmen\\\/\"},{\"@type\":\"ListItem\",\"position\":2,\"name\":\"Geschichte\"}]},{\"@type\":\"WebSite\",\"@id\":\"https:\\\/\\\/hartkorn-gewuerze.de\\\/unternehmen\\\/#website\",\"url\":\"https:\\\/\\\/hartkorn-gewuerze.de\\\/unternehmen\\\/\",\"name\":\"Hartkorn Gew\u00fcrze\",\"description\":\"Hartkorn Gew\u00fcrze Unternehmensseite\",\"publisher\":{\"@id\":\"https:\\\/\\\/hartkorn-gewuerze.de\\\/unternehmen\\\/#organization\"},\"potentialAction\":[{\"@type\":\"SearchAction\",\"target\":{\"@type\":\"EntryPoint\",\"urlTemplate\":\"https:\\\/\\\/hartkorn-gewuerze.de\\\/unternehmen\\\/?s={search_term_string}\"},\"query-input\":{\"@type\":\"PropertyValueSpecification\",\"valueRequired\":true,\"valueName\":\"search_term_string\"}}],\"inLanguage\":\"de\"},{\"@type\":\"Organization\",\"@id\":\"https:\\\/\\\/hartkorn-gewuerze.de\\\/unternehmen\\\/#organization\",\"name\":\"Hartkorn Gew\u00fcrzm\u00fchle GmbH\",\"url\":\"https:\\\/\\\/hartkorn-gewuerze.de\\\/unternehmen\\\/\",\"logo\":{\"@type\":\"ImageObject\",\"inLanguage\":\"de\",\"@id\":\"https:\\\/\\\/hartkorn-gewuerze.de\\\/unternehmen\\\/#\\\/schema\\\/logo\\\/image\\\/\",\"url\":\"https:\\\/\\\/hartkorn-gewuerze.de\\\/unternehmen\\\/wp-content\\\/uploads\\\/2020\\\/07\\\/cropped-Logo-hartkorn-144x144-1.png\",\"contentUrl\":\"https:\\\/\\\/hartkorn-gewuerze.de\\\/unternehmen\\\/wp-content\\\/uploads\\\/2020\\\/07\\\/cropped-Logo-hartkorn-144x144-1.png\",\"width\":512,\"height\":512,\"caption\":\"Hartkorn Gew\u00fcrzm\u00fchle GmbH\"},\"image\":{\"@id\":\"https:\\\/\\\/hartkorn-gewuerze.de\\\/unternehmen\\\/#\\\/schema\\\/logo\\\/image\\\/\"},\"sameAs\":[\"https:\\\/\\\/de-de.facebook.com\\\/hartkorngewuerze\\\/\",\"https:\\\/\\\/www.tiktok.com\\\/@hartkorngewuerze\",\"https:\\\/\\\/www.instagram.com\\\/hartkorngewuerze\\\/\"]}]}<\/script>\n<!-- \/ Yoast SEO plugin. -->","yoast_head_json":{"title":"Geschichte - Hartkorn Gew\u00fcrze","description":"Die Historie der Hartkorn Gew\u00fcrzm\u00fchle ist lang. Seit 1920 vertreiben wir Gew\u00fcrze und Kr\u00e4uter mit dem Fokus auf h\u00f6chste Qualit\u00e4t.","robots":{"index":"index","follow":"follow","max-snippet":"max-snippet:-1","max-image-preview":"max-image-preview:large","max-video-preview":"max-video-preview:-1"},"canonical":"https:\/\/hartkorn-gewuerze.de\/unternehmen\/geschichte\/","og_locale":"de_DE","og_type":"article","og_title":"Geschichte - Hartkorn Gew\u00fcrze","og_description":"Die Historie der Hartkorn Gew\u00fcrzm\u00fchle ist lang. Seit 1920 vertreiben wir Gew\u00fcrze und Kr\u00e4uter mit dem Fokus auf h\u00f6chste Qualit\u00e4t.","og_url":"https:\/\/hartkorn-gewuerze.de\/unternehmen\/geschichte\/","og_site_name":"Hartkorn Gew\u00fcrze","article_publisher":"https:\/\/de-de.facebook.com\/hartkorngewuerze\/","article_modified_time":"2024-02-27T06:54:13+00:00","twitter_card":"summary_large_image","twitter_misc":{"Gesch\u00e4tzte Lesezeit":"6\u00a0Minuten"},"schema":{"@context":"https:\/\/schema.org","@graph":[{"@type":"WebPage","@id":"https:\/\/hartkorn-gewuerze.de\/unternehmen\/geschichte\/","url":"https:\/\/hartkorn-gewuerze.de\/unternehmen\/geschichte\/","name":"Geschichte - Hartkorn Gew\u00fcrze","isPartOf":{"@id":"https:\/\/hartkorn-gewuerze.de\/unternehmen\/#website"},"datePublished":"2019-02-27T11:55:44+00:00","dateModified":"2024-02-27T06:54:13+00:00","description":"Die Historie der Hartkorn Gew\u00fcrzm\u00fchle ist lang. Seit 1920 vertreiben wir Gew\u00fcrze und Kr\u00e4uter mit dem Fokus auf h\u00f6chste Qualit\u00e4t.","breadcrumb":{"@id":"https:\/\/hartkorn-gewuerze.de\/unternehmen\/geschichte\/#breadcrumb"},"inLanguage":"de","potentialAction":[{"@type":"ReadAction","target":["https:\/\/hartkorn-gewuerze.de\/unternehmen\/geschichte\/"]}]},{"@type":"BreadcrumbList","@id":"https:\/\/hartkorn-gewuerze.de\/unternehmen\/geschichte\/#breadcrumb","itemListElement":[{"@type":"ListItem","position":1,"name":"Startseite","item":"https:\/\/hartkorn-gewuerze.de\/unternehmen\/"},{"@type":"ListItem","position":2,"name":"Geschichte"}]},{"@type":"WebSite","@id":"https:\/\/hartkorn-gewuerze.de\/unternehmen\/#website","url":"https:\/\/hartkorn-gewuerze.de\/unternehmen\/","name":"Hartkorn Gew\u00fcrze","description":"Hartkorn Gew\u00fcrze Unternehmensseite","publisher":{"@id":"https:\/\/hartkorn-gewuerze.de\/unternehmen\/#organization"},"potentialAction":[{"@type":"SearchAction","target":{"@type":"EntryPoint","urlTemplate":"https:\/\/hartkorn-gewuerze.de\/unternehmen\/?s={search_term_string}"},"query-input":{"@type":"PropertyValueSpecification","valueRequired":true,"valueName":"search_term_string"}}],"inLanguage":"de"},{"@type":"Organization","@id":"https:\/\/hartkorn-gewuerze.de\/unternehmen\/#organization","name":"Hartkorn Gew\u00fcrzm\u00fchle GmbH","url":"https:\/\/hartkorn-gewuerze.de\/unternehmen\/","logo":{"@type":"ImageObject","inLanguage":"de","@id":"https:\/\/hartkorn-gewuerze.de\/unternehmen\/#\/schema\/logo\/image\/","url":"https:\/\/hartkorn-gewuerze.de\/unternehmen\/wp-content\/uploads\/2020\/07\/cropped-Logo-hartkorn-144x144-1.png","contentUrl":"https:\/\/hartkorn-gewuerze.de\/unternehmen\/wp-content\/uploads\/2020\/07\/cropped-Logo-hartkorn-144x144-1.png","width":512,"height":512,"caption":"Hartkorn Gew\u00fcrzm\u00fchle GmbH"},"image":{"@id":"https:\/\/hartkorn-gewuerze.de\/unternehmen\/#\/schema\/logo\/image\/"},"sameAs":["https:\/\/de-de.facebook.com\/hartkorngewuerze\/","https:\/\/www.tiktok.com\/@hartkorngewuerze","https:\/\/www.instagram.com\/hartkorngewuerze\/"]}]}},"_links":{"self":[{"href":"https:\/\/hartkorn-gewuerze.de\/unternehmen\/wp-json\/wp\/v2\/pages\/2419","targetHints":{"allow":["GET"]}}],"collection":[{"href":"https:\/\/hartkorn-gewuerze.de\/unternehmen\/wp-json\/wp\/v2\/pages"}],"about":[{"href":"https:\/\/hartkorn-gewuerze.de\/unternehmen\/wp-json\/wp\/v2\/types\/page"}],"author":[{"embeddable":true,"href":"https:\/\/hartkorn-gewuerze.de\/unternehmen\/wp-json\/wp\/v2\/users\/1"}],"replies":[{"embeddable":true,"href":"https:\/\/hartkorn-gewuerze.de\/unternehmen\/wp-json\/wp\/v2\/comments?post=2419"}],"version-history":[{"count":44,"href":"https:\/\/hartkorn-gewuerze.de\/unternehmen\/wp-json\/wp\/v2\/pages\/2419\/revisions"}],"predecessor-version":[{"id":14993,"href":"https:\/\/hartkorn-gewuerze.de\/unternehmen\/wp-json\/wp\/v2\/pages\/2419\/revisions\/14993"}],"wp:attachment":[{"href":"https:\/\/hartkorn-gewuerze.de\/unternehmen\/wp-json\/wp\/v2\/media?parent=2419"}],"curies":[{"name":"wp","href":"https:\/\/api.w.org\/{rel}","templated":true}]}}